{"id":1045,"date":"2026-01-30T11:12:01","date_gmt":"2026-01-30T11:12:01","guid":{"rendered":"https:\/\/livpedersen.de\/?page_id=1045"},"modified":"2026-07-30T12:24:33","modified_gmt":"2026-07-30T12:24:33","slug":"shaping-transition","status":"publish","type":"page","link":"https:\/\/livpedersen.de\/en\/shaping-transition","title":{"rendered":"shaping transition 2025"},"content":{"rendered":"<p class=\"wp-block-paragraph\"><strong>group show with Elena Greta Falcini, Katherina Heil, Alexander Johannes Heil <\/strong><strong>&amp; Liv Pedersen, Frappant Galerie, Hamburg<\/strong><\/p>\n\n\n\n<p class=\"wp-block-paragraph\">The exhibition \u201cshaping transition\u201d explores the theme of transitions. Through drawing, objects, installations, sound, performance and video, the artists examine how change can be made visible and tangible. The focus is on the \u201cin-between\u201d - those moments when something is in the process of becoming and defies clear categorization.<br>The supporting program includes an interdisciplinary performance evening for the opening and a panel discussion with the artists and guests for the closing event. With additional contributions from Timoteo Carbone Hansson, Dr. phil. Kristin Drechsler, Johanna Joch, Jan-Domenic Urbas, Ksenia Sofia Miller, Linh L\u00ea, Dr. Felicitas Holzer, and Jenni Schurr, a vibrant space for dialogue emerges in which transitions - as processes of change - become visible, audible and open to discussion.<\/p>\n\n\n\n<p class=\"has-small-font-size wp-block-paragraph\"><em>The exhibition was kindly supported by Frappant Galerie, Beh\u00f6rde f\u00fcr Kultur und Medien Hamburg, Claussen-Simon-Stiftung and Mondriaan Fonds.<\/em><\/p>\n\n\n\n<div style=\"height:27px\" aria-hidden=\"true\" class=\"wp-block-spacer\"><\/div>\n\n\n\n<div class=\"wp-block-columns is-layout-flex wp-container-core-columns-is-layout-79fb870f wp-block-columns-is-layout-flex\">\n<div class=\"wp-block-column is-layout-flow wp-block-column-is-layout-flow\">\n<figure class=\"wp-block-image size-large wp-duotone-unset-1\"><img loading=\"lazy\" decoding=\"async\" width=\"683\" height=\"1024\" src=\"https:\/\/livpedersen.de\/wp-content\/uploads\/2026\/01\/frappant-2025-12_Jpegs-high__DSC4051-683x1024.jpg\" alt=\"\" class=\"wp-image-1054\" srcset=\"https:\/\/livpedersen.de\/wp-content\/uploads\/2026\/01\/frappant-2025-12_Jpegs-high__DSC4051-683x1024.jpg 683w, https:\/\/livpedersen.de\/wp-content\/uploads\/2026\/01\/frappant-2025-12_Jpegs-high__DSC4051-200x300.jpg 200w, https:\/\/livpedersen.de\/wp-content\/uploads\/2026\/01\/frappant-2025-12_Jpegs-high__DSC4051-768x1152.jpg 768w, https:\/\/livpedersen.de\/wp-content\/uploads\/2026\/01\/frappant-2025-12_Jpegs-high__DSC4051-1024x1536.jpg 1024w, https:\/\/livpedersen.de\/wp-content\/uploads\/2026\/01\/frappant-2025-12_Jpegs-high__DSC4051-1365x2048.jpg 1365w, https:\/\/livpedersen.de\/wp-content\/uploads\/2026\/01\/frappant-2025-12_Jpegs-high__DSC4051-scaled.jpg 1707w\" sizes=\"auto, (max-width: 683px) 100vw, 683px\" \/><figcaption class=\"wp-element-caption\"><em>\u00a0\u00dcbersetzung schattiert I<\/em>, 2025, Betonestrich auf Glas, Nylonfaden, Halterungen aus Holz f\u00fcr Tr\u00e4ger an der Wand und Gestelle zur Ausrichtung von LED-Taschenlampe, Foto: Helge Mundt<\/figcaption><\/figure>\n<\/div>\n\n\n\n<div class=\"wp-block-column is-layout-flow wp-block-column-is-layout-flow\">\n<figure class=\"wp-block-image alignright size-large wp-duotone-unset-2\"><img loading=\"lazy\" decoding=\"async\" width=\"1024\" height=\"683\" src=\"https:\/\/livpedersen.de\/wp-content\/uploads\/2026\/01\/frappant-2025-12_Jpegs-high__DSC4045-1024x683.jpg\" alt=\"\" class=\"wp-image-1055\" srcset=\"https:\/\/livpedersen.de\/wp-content\/uploads\/2026\/01\/frappant-2025-12_Jpegs-high__DSC4045-1024x683.jpg 1024w, https:\/\/livpedersen.de\/wp-content\/uploads\/2026\/01\/frappant-2025-12_Jpegs-high__DSC4045-300x200.jpg 300w, https:\/\/livpedersen.de\/wp-content\/uploads\/2026\/01\/frappant-2025-12_Jpegs-high__DSC4045-768x512.jpg 768w, https:\/\/livpedersen.de\/wp-content\/uploads\/2026\/01\/frappant-2025-12_Jpegs-high__DSC4045-1536x1024.jpg 1536w, https:\/\/livpedersen.de\/wp-content\/uploads\/2026\/01\/frappant-2025-12_Jpegs-high__DSC4045-2048x1365.jpg 2048w\" sizes=\"auto, (max-width: 1024px) 100vw, 1024px\" \/><figcaption class=\"wp-element-caption\">Detailansicht: <em>\u00dcbersetzung schattiert I<\/em> (2025), Foto: Helge Mundt<\/figcaption><\/figure>\n\n\n\n<figure class=\"wp-block-image alignright size-large is-resized wp-duotone-unset-3\"><img loading=\"lazy\" decoding=\"async\" width=\"1024\" height=\"683\" src=\"https:\/\/livpedersen.de\/wp-content\/uploads\/2026\/01\/frappant-2025-12_Jpegs-high__DSC4049-1024x683.jpg\" alt=\"\" class=\"wp-image-1056\" style=\"width:388px;height:auto\" srcset=\"https:\/\/livpedersen.de\/wp-content\/uploads\/2026\/01\/frappant-2025-12_Jpegs-high__DSC4049-1024x683.jpg 1024w, https:\/\/livpedersen.de\/wp-content\/uploads\/2026\/01\/frappant-2025-12_Jpegs-high__DSC4049-300x200.jpg 300w, https:\/\/livpedersen.de\/wp-content\/uploads\/2026\/01\/frappant-2025-12_Jpegs-high__DSC4049-768x512.jpg 768w, https:\/\/livpedersen.de\/wp-content\/uploads\/2026\/01\/frappant-2025-12_Jpegs-high__DSC4049-1536x1024.jpg 1536w, https:\/\/livpedersen.de\/wp-content\/uploads\/2026\/01\/frappant-2025-12_Jpegs-high__DSC4049-2048x1365.jpg 2048w\" sizes=\"auto, (max-width: 1024px) 100vw, 1024px\" \/><figcaption class=\"wp-element-caption\">\u00a0<em>Kipppunkt<\/em>, 2025, Modelliermasse, Betonestrich, Wandfarbe, Nylonfaden, Holz, Foto: Helge Mundt<\/figcaption><\/figure>\n\n\n\n<p class=\"wp-block-paragraph\"><\/p>\n<\/div>\n<\/div>\n\n\n\n<figure class=\"wp-block-image size-large wp-duotone-unset-4\"><img loading=\"lazy\" decoding=\"async\" width=\"1024\" height=\"683\" src=\"https:\/\/livpedersen.de\/wp-content\/uploads\/2026\/01\/frappant-2025-12_Jpegs-high__DSC4046-1024x683.jpg\" alt=\"\" class=\"wp-image-1053\" srcset=\"https:\/\/livpedersen.de\/wp-content\/uploads\/2026\/01\/frappant-2025-12_Jpegs-high__DSC4046-1024x683.jpg 1024w, https:\/\/livpedersen.de\/wp-content\/uploads\/2026\/01\/frappant-2025-12_Jpegs-high__DSC4046-300x200.jpg 300w, https:\/\/livpedersen.de\/wp-content\/uploads\/2026\/01\/frappant-2025-12_Jpegs-high__DSC4046-768x512.jpg 768w, https:\/\/livpedersen.de\/wp-content\/uploads\/2026\/01\/frappant-2025-12_Jpegs-high__DSC4046-1536x1024.jpg 1536w, https:\/\/livpedersen.de\/wp-content\/uploads\/2026\/01\/frappant-2025-12_Jpegs-high__DSC4046-2048x1365.jpg 2048w\" sizes=\"auto, (max-width: 1024px) 100vw, 1024px\" \/><figcaption class=\"wp-element-caption\">Ausstellungsansicht: Arbeiten von Liv Pedersen \/ von links nach rechts: <em>\u00dcbergangsvariationen<\/em> (2025), <em>Phasen<\/em> (2025), <em>Kipppunkt<\/em> (2025), Foto: Helge Mundt<\/figcaption><\/figure>\n\n\n\n<div style=\"height:15px\" aria-hidden=\"true\" class=\"wp-block-spacer\"><\/div>\n\n\n\n<div class=\"wp-block-columns is-layout-flex wp-container-core-columns-is-layout-79fb870f wp-block-columns-is-layout-flex\">\n<div class=\"wp-block-column is-layout-flow wp-block-column-is-layout-flow\" style=\"flex-basis:33.33%\">\n<figure class=\"wp-block-image alignleft size-large is-resized wp-duotone-unset-5\"><img loading=\"lazy\" decoding=\"async\" width=\"683\" height=\"1024\" src=\"https:\/\/livpedersen.de\/wp-content\/uploads\/2026\/01\/frappant-2025-12_Jpegs-high__DSC4035-683x1024.jpg\" alt=\"\" class=\"wp-image-1059\" style=\"width:286px;height:auto\" srcset=\"https:\/\/livpedersen.de\/wp-content\/uploads\/2026\/01\/frappant-2025-12_Jpegs-high__DSC4035-683x1024.jpg 683w, https:\/\/livpedersen.de\/wp-content\/uploads\/2026\/01\/frappant-2025-12_Jpegs-high__DSC4035-200x300.jpg 200w, https:\/\/livpedersen.de\/wp-content\/uploads\/2026\/01\/frappant-2025-12_Jpegs-high__DSC4035-768x1152.jpg 768w, https:\/\/livpedersen.de\/wp-content\/uploads\/2026\/01\/frappant-2025-12_Jpegs-high__DSC4035-1024x1536.jpg 1024w, https:\/\/livpedersen.de\/wp-content\/uploads\/2026\/01\/frappant-2025-12_Jpegs-high__DSC4035-1365x2048.jpg 1365w, https:\/\/livpedersen.de\/wp-content\/uploads\/2026\/01\/frappant-2025-12_Jpegs-high__DSC4035-scaled.jpg 1707w\" sizes=\"auto, (max-width: 683px) 100vw, 683px\" \/><figcaption class=\"wp-element-caption\">\u00a0 <em>\u00dcbergangsvariationen<\/em>, 2025, <br>acrylic glass, acrylic paint, modeling clay, concrete screed, tar, wood, Photo: Helge Mundt<\/figcaption><\/figure>\n<\/div>\n\n\n\n<div class=\"wp-block-column is-layout-flow wp-block-column-is-layout-flow\" style=\"flex-basis:66.66%\">\n<div style=\"height:58px\" aria-hidden=\"true\" class=\"wp-block-spacer\"><\/div>\n\n\n\n<figure class=\"wp-block-image size-large wp-duotone-unset-6\"><img loading=\"lazy\" decoding=\"async\" width=\"1024\" height=\"683\" src=\"https:\/\/livpedersen.de\/wp-content\/uploads\/2026\/01\/frappant-2025-12_Jpegs-high__DSC4047-1024x683.jpg\" alt=\"\" class=\"wp-image-1060\" srcset=\"https:\/\/livpedersen.de\/wp-content\/uploads\/2026\/01\/frappant-2025-12_Jpegs-high__DSC4047-1024x683.jpg 1024w, https:\/\/livpedersen.de\/wp-content\/uploads\/2026\/01\/frappant-2025-12_Jpegs-high__DSC4047-300x200.jpg 300w, https:\/\/livpedersen.de\/wp-content\/uploads\/2026\/01\/frappant-2025-12_Jpegs-high__DSC4047-768x512.jpg 768w, https:\/\/livpedersen.de\/wp-content\/uploads\/2026\/01\/frappant-2025-12_Jpegs-high__DSC4047-1536x1024.jpg 1536w, https:\/\/livpedersen.de\/wp-content\/uploads\/2026\/01\/frappant-2025-12_Jpegs-high__DSC4047-2048x1365.jpg 2048w\" sizes=\"auto, (max-width: 1024px) 100vw, 1024px\" \/><figcaption class=\"wp-element-caption\">\u00a0 <em>\u00dcbergangsvariationen<\/em>, 2025, Acrylglas, Betonestrich, Teer, Holz, Foto: Helge Mundt<\/figcaption><\/figure>\n<\/div>\n<\/div>\n\n\n\n<div style=\"height:22px\" aria-hidden=\"true\" class=\"wp-block-spacer\"><\/div>\n\n\n\n<div class=\"wp-block-columns is-layout-flex wp-container-core-columns-is-layout-79fb870f wp-block-columns-is-layout-flex\">\n<div class=\"wp-block-column is-layout-flow wp-block-column-is-layout-flow\">\n<figure class=\"wp-block-image size-large wp-duotone-unset-7\"><img loading=\"lazy\" decoding=\"async\" width=\"1024\" height=\"683\" src=\"https:\/\/livpedersen.de\/wp-content\/uploads\/2026\/01\/frappant-2025-12_Jpegs-high__DSC4044-1024x683.jpg\" alt=\"\" class=\"wp-image-1063\" srcset=\"https:\/\/livpedersen.de\/wp-content\/uploads\/2026\/01\/frappant-2025-12_Jpegs-high__DSC4044-1024x683.jpg 1024w, https:\/\/livpedersen.de\/wp-content\/uploads\/2026\/01\/frappant-2025-12_Jpegs-high__DSC4044-300x200.jpg 300w, https:\/\/livpedersen.de\/wp-content\/uploads\/2026\/01\/frappant-2025-12_Jpegs-high__DSC4044-768x512.jpg 768w, https:\/\/livpedersen.de\/wp-content\/uploads\/2026\/01\/frappant-2025-12_Jpegs-high__DSC4044-1536x1024.jpg 1536w, https:\/\/livpedersen.de\/wp-content\/uploads\/2026\/01\/frappant-2025-12_Jpegs-high__DSC4044-2048x1365.jpg 2048w\" sizes=\"auto, (max-width: 1024px) 100vw, 1024px\" \/><figcaption class=\"wp-element-caption\">Detailansicht: <em>\u00dcbersetzung schattiert II<\/em> (2025), Foto: Helge Mundt<\/figcaption><\/figure>\n\n\n\n<figure class=\"wp-block-image alignright size-large is-resized wp-duotone-unset-8\"><img loading=\"lazy\" decoding=\"async\" width=\"683\" height=\"1024\" src=\"https:\/\/livpedersen.de\/wp-content\/uploads\/2026\/01\/frappant-2025-12_Jpegs-high__DSC4048-683x1024.jpg\" alt=\"\" class=\"wp-image-1062\" style=\"width:359px;height:auto\" srcset=\"https:\/\/livpedersen.de\/wp-content\/uploads\/2026\/01\/frappant-2025-12_Jpegs-high__DSC4048-683x1024.jpg 683w, https:\/\/livpedersen.de\/wp-content\/uploads\/2026\/01\/frappant-2025-12_Jpegs-high__DSC4048-200x300.jpg 200w, https:\/\/livpedersen.de\/wp-content\/uploads\/2026\/01\/frappant-2025-12_Jpegs-high__DSC4048-768x1152.jpg 768w, https:\/\/livpedersen.de\/wp-content\/uploads\/2026\/01\/frappant-2025-12_Jpegs-high__DSC4048-1024x1536.jpg 1024w, https:\/\/livpedersen.de\/wp-content\/uploads\/2026\/01\/frappant-2025-12_Jpegs-high__DSC4048-1365x2048.jpg 1365w, https:\/\/livpedersen.de\/wp-content\/uploads\/2026\/01\/frappant-2025-12_Jpegs-high__DSC4048-scaled.jpg 1707w\" sizes=\"auto, (max-width: 683px) 100vw, 683px\" \/><figcaption class=\"wp-element-caption\"><em>Phasen<\/em>, 2025, Glasr\u00f6hrchen, Kleber, Holz <br>Photo: Helge Mundt<\/figcaption><\/figure>\n<\/div>\n\n\n\n<div class=\"wp-block-column is-layout-flow wp-block-column-is-layout-flow\">\n<figure class=\"wp-block-image alignright size-large is-resized wp-duotone-unset-9\"><img loading=\"lazy\" decoding=\"async\" width=\"646\" height=\"1024\" src=\"https:\/\/livpedersen.de\/wp-content\/uploads\/2026\/01\/frappant-2025-12_Jpegs-high__DSC4050-646x1024.jpg\" alt=\"\" class=\"wp-image-1061\" style=\"width:458px;height:auto\" srcset=\"https:\/\/livpedersen.de\/wp-content\/uploads\/2026\/01\/frappant-2025-12_Jpegs-high__DSC4050-646x1024.jpg 646w, https:\/\/livpedersen.de\/wp-content\/uploads\/2026\/01\/frappant-2025-12_Jpegs-high__DSC4050-189x300.jpg 189w, https:\/\/livpedersen.de\/wp-content\/uploads\/2026\/01\/frappant-2025-12_Jpegs-high__DSC4050-768x1218.jpg 768w, https:\/\/livpedersen.de\/wp-content\/uploads\/2026\/01\/frappant-2025-12_Jpegs-high__DSC4050-968x1536.jpg 968w, https:\/\/livpedersen.de\/wp-content\/uploads\/2026\/01\/frappant-2025-12_Jpegs-high__DSC4050-1291x2048.jpg 1291w, https:\/\/livpedersen.de\/wp-content\/uploads\/2026\/01\/frappant-2025-12_Jpegs-high__DSC4050-scaled.jpg 1614w\" sizes=\"auto, (max-width: 646px) 100vw, 646px\" \/><figcaption class=\"wp-element-caption\"><em>\u00dcbersetzung schattiert II<\/em>, 2025, Betonestrich auf Glas,<br>nylon thread, wooden brackets for mounting on the wall and frames for positioning an LED flashlight <br>Photo: Helge Mundt<\/figcaption><\/figure>\n\n\n\n<p class=\"wp-block-paragraph\"><\/p>\n\n\n\n<p class=\"wp-block-paragraph\"><\/p>\n<\/div>\n<\/div>\n\n\n\n<p class=\"wp-block-paragraph\"><\/p>","protected":false},"excerpt":{"rendered":"<p>group show mit Elena Greta Falcini, Katherina Heil, Alexander Johannes Heil &amp; Liv Pedersen, Frappant Galerie, Hamburg Die Ausstellung &#8222;shaping transition&#8220; widmet sich dem Thema \u00dcberg\u00e4nge. Mit Zeichnung, Objekt, Installation, Sound, Performance und Video untersuchen die K\u00fcnstler:innen wie Wandel sichtbar und erfahrbar werden kann. Im Fokus steht das \u201eDazwischen&#8220; \u2013 jene Momente, in denen etwas [&hellip;]<\/p>\n","protected":false},"author":1,"featured_media":0,"parent":0,"menu_order":0,"comment_status":"closed","ping_status":"closed","template":"","meta":{"footnotes":""},"class_list":["post-1045","page","type-page","status-publish","hentry"],"_links":{"self":[{"href":"https:\/\/livpedersen.de\/en\/wp-json\/wp\/v2\/pages\/1045","targetHints":{"allow":["GET"]}}],"collection":[{"href":"https:\/\/livpedersen.de\/en\/wp-json\/wp\/v2\/pages"}],"about":[{"href":"https:\/\/livpedersen.de\/en\/wp-json\/wp\/v2\/types\/page"}],"author":[{"embeddable":true,"href":"https:\/\/livpedersen.de\/en\/wp-json\/wp\/v2\/users\/1"}],"replies":[{"embeddable":true,"href":"https:\/\/livpedersen.de\/en\/wp-json\/wp\/v2\/comments?post=1045"}],"version-history":[{"count":18,"href":"https:\/\/livpedersen.de\/en\/wp-json\/wp\/v2\/pages\/1045\/revisions"}],"predecessor-version":[{"id":1209,"href":"https:\/\/livpedersen.de\/en\/wp-json\/wp\/v2\/pages\/1045\/revisions\/1209"}],"wp:attachment":[{"href":"https:\/\/livpedersen.de\/en\/wp-json\/wp\/v2\/media?parent=1045"}],"curies":[{"name":"wp","href":"https:\/\/api.w.org\/{rel}","templated":true}]}}